

{"id":1009,"date":"2021-10-18T18:52:31","date_gmt":"2021-10-18T18:52:31","guid":{"rendered":"http:\/\/www.jama.ooo\/?page_id=1009"},"modified":"2022-08-01T09:58:38","modified_gmt":"2022-08-01T09:58:38","slug":"tlacova-sprava-2021","status":"publish","type":"page","link":"https:\/\/www.jama.ooo\/en\/tlacova-sprava-2021\/","title":{"rendered":"Press release 2021"},"content":{"rendered":"<p>&nbsp;<\/p>\n<p><strong><img loading=\"lazy\" decoding=\"async\" class=\"aligncenter wp-image-1010\" src=\"http:\/\/www.jama.ooo\/wp-content\/uploads\/2021\/10\/JAMA_2021_FB_page_cover-1024x390.jpg\" alt=\"\" width=\"1500\" height=\"571\" srcset=\"https:\/\/www.jama.ooo\/wp-content\/uploads\/2021\/10\/JAMA_2021_FB_page_cover-1024x390.jpg 1024w, https:\/\/www.jama.ooo\/wp-content\/uploads\/2021\/10\/JAMA_2021_FB_page_cover-300x114.jpg 300w, https:\/\/www.jama.ooo\/wp-content\/uploads\/2021\/10\/JAMA_2021_FB_page_cover-768x292.jpg 768w, https:\/\/www.jama.ooo\/wp-content\/uploads\/2021\/10\/JAMA_2021_FB_page_cover-1536x584.jpg 1536w, https:\/\/www.jama.ooo\/wp-content\/uploads\/2021\/10\/JAMA_2021_FB_page_cover.jpg 1958w\" sizes=\"auto, (max-width: 1500px) 100vw, 1500px\" \/>\u00a0<\/strong><\/p>\n<p><strong> JAMA \u2013 75. RO\u010cN\u00cdK MILANA ADAM\u010cIAKA BUDE CELODENNOU PARTIT\u00daROU AJ OTVOREN\u00cdM INTERMEDI\u00c1LNEJ V\u00ddSTAVY STRATEN\u00dd \u010cLOVEK<\/strong><\/p>\n<p><strong>KEDY:<\/strong> 22. \u2013 23. okt\u00f3ber 2021<br \/>\n<strong>KDE:<\/strong> Bansk\u00e1 \u0160tiavnica, Bansk\u00e1 Bel\u00e1, Podhorie<\/p>\n<p><strong>PREDPREDAJ: <\/strong><a href=\"https:\/\/tootoot.fm\/sk\/events\/6155e3bda7cc38023851ce4e\">https:\/\/tootoot.fm\/sk\/events\/6155e3bda7cc38023851ce4e<\/a><br \/>\n<strong>PROGRAM:<\/strong> <a href=\"http:\/\/www.jama.ooo\/#program\">http:\/\/www.jama.ooo\/#program<\/a><\/p>\n<p><strong>Kult\u00farna udalos\u0165 ako realiz\u00e1cia grafickej partit\u00fary? JAMA \u2013 75. ro\u010dn\u00edk Milana Adam\u010diaka sa t\u00fato jese\u0148 op\u00e4\u0165 odohr\u00e1 v\u00a0okol\u00ed Banskej \u0160tiavnice a okol\u00ed. Tretie vydanie JAMA sa uskuto\u010dn\u00ed 22. a\u00a023. okt\u00f3bra a\u00a0jej s\u00fa\u010das\u0165ou bude aj dvojd\u0148ov\u00e1 vernis\u00e1\u017e medzin\u00e1rodnej v\u00fdstavy Straten\u00fd \u010dlovek v\u00a0koncepcii ved\u00facej kur\u00e1torky Zbierok modern\u00e9ho a s\u00fa\u010dasn\u00e9ho umenia v\u00a0Slovenskej n\u00e1rodnej gal\u00e9rii Lucie G. Stach. <\/strong><\/p>\n<p>JAMA \u2013\u00a075. ro\u010dn\u00edka Milana Adam\u010diaka bude koncipovan\u00e1 preva\u017ene ako vonkaj\u0161ie podujatie situovan\u00e9 do krajiny v\u00a0okol\u00ed Banskej \u0160tiavnice\u00a0a\u00a0obc\u00ed Bansk\u00e1 Bel\u00e1 a\u00a0Podhorie. Hoci otv\u00e1rac\u00ed ve\u010der v\u00a0piatok 22. okt\u00f3bra bude s\u00fastreden\u00fd najm\u00e4 do interi\u00e9rov \u2013 ako obvykle do gal\u00e9rie Parter_BSC \/ Bansk\u00e1 St a\u00a0nica Contemporary a\u00a0tento rok aj do ob\u013e\u00faben\u00e9ho \u0161tiavnick\u00e9ho podniku Art Cafe \u2013 cel\u00fa sobotu 23. okt\u00f3bra s\u013eubuj\u00fa organiz\u00e1tori program vonku. Tento de\u0148 bude ma\u0165 charakter celodennej t\u00fary s\u00a0umeleck\u00fdmi intervenciami a\u00a0predn\u00e1\u0161kami po ceste.<\/p>\n<p>Nov\u00fdmi miestami, ktor\u00e9 bud\u00fa JAMA tento rok hosti\u0165 prv\u00fd raz, s\u00fa aj kult\u00farno-turistick\u00e9 centrum H\u00e1jov\u0148a v\u00a0ob\u013e\u00fabenej vych\u00e1dzkovej lokalite \u010cerven\u00e1 stud\u0148a nad Banskou \u0160tiavnicou, popul\u00e1rny \u0161tiavnick\u00fd Antikvari\u00e1tik vo svojich verejnosti be\u017ene nepr\u00edstupn\u00fdch skladov\u00fdch priestoroch alebo pr\u00edroda v\u00a0okol\u00ed \u0160tiavnice.<\/p>\n<p>Cel\u00e1 JAMA bude z\u00e1rove\u0148 vernis\u00e1\u017eou medzin\u00e1rodnej intermedi\u00e1lnej v\u00fdstavy <strong>Straten\u00fd \u010dlovek<\/strong> v\u00a0kur\u00e1torskej koncepcii Lucie G. Stach. Vernis\u00e1\u017e so \u0161peci\u00e1lnym performat\u00edvnym programom po\u010das piatka a\u00a0soboty bude pr\u00edstupn\u00e1 len pre n\u00e1v\u0161tevn\u00edkov JAMA, no v\u00fdstava samotn\u00e1 ostane nain\u0161talovan\u00e1 a\u00a0dostupn\u00e1 pre verejnos\u0165 v\u00a0Parteri_BSC a\u00a0na \u010fal\u0161\u00edch miestach v\u00a0Banskej \u0160tiavnici a\u00a0okol\u00ed a\u017e do 26. novembra.<\/p>\n<p><strong>Predn\u00e1\u0161ky, hudba aj performancie<\/strong><\/p>\n<p>Medzi umelcami v\u00a0programe JAMA sa tento rok objavuj\u00fa slovensk\u00e9 aj zahrani\u010dn\u00e9 osobnosti. Jedn\u00fdm z\u00a0host\u00ed bude prof. Rainer O. Neugebauer, organiz\u00e1tor projektu <em>John Cage Organ Project<\/em>. V\u00a0r\u00e1mci neho sa aktu\u00e1lne v\u00a0nemeckom meste Halberstadt realizuje na ploche 639\u00a0 rokov organov\u00e1 skladba americk\u00e9ho skladate\u013ea Johna Cagea <em>Organ<sup>2<\/sup>\/ASLSP\u00a0(As Slow as Possible)<\/em><em>.<\/em><\/p>\n<p>\u010eal\u0161\u00edmi zahrani\u010dn\u00fdmi autormi v\u00a0programe JAMA \u010di performat\u00edvnej \u010dasti Straten\u00e9ho \u010dloveka bud\u00fa \u010desk\u00fd vizu\u00e1lny a\u00a0zvukov\u00fd umelec Michal Kindernay zaoberaj\u00faci sa (nielen) akustickou ekol\u00f3giou, filozofick\u00e1 dvojica Jozef Cseres a\u00a0Viktor Pant\u016f\u010dek, ktor\u00e1 sa predstav\u00ed s\u00a0audiovizu\u00e1lnou performance <em>H\u013eadaJ mA. MA<\/em>, alebo \u010desk\u00fd skladate\u013e a\u00a0pedag\u00f3g Peter Graham.<\/p>\n<p>Zo slovensk\u00fdch umelcov sa v\u00a0programe predstavia Peter Kalmus a\u00a0Michal Murin s\u00a0performance <em>Pokus o\u00a0\u00fanik z\u00a0\u010dasu<\/em> p\u00f4vodne z\u00a0roku 1998, hudobn\u00edk Sl\u00e1vo Krekovi\u010d, gitarista Michal Matejka so s\u00f3lo projektom <em>Ut\u00f3pia<\/em>, architekt, v\u00fdtvarn\u00edk a\u00a0performer Viktor Fu\u010dek, poetka a\u00a0liter\u00e1rna vedky\u0148a Zuzana Hus\u00e1rov\u00e1 \u010di vizu\u00e1lna umelky\u0148a a\u00a0spisovate\u013eka Katar\u00edna Polia\u010dikov\u00e1.<\/p>\n<p>S\u00fa\u010das\u0165ou sprievodn\u00e9ho programu bud\u00fa workshopy pre \u0161tudentov umeleck\u00fdch \u0161k\u00f4l s\u00a0Michalom Matejkom a\u00a0Viktorom Fu\u010dekom, otvoren\u00fd ateli\u00e9r Sv\u00e4topluka Mikytu a\u00a0predn\u00e1\u0161ka o\u00a0tvorbe Milana Adam\u010diaka a\u00a0jej kontextoch v\u00a0s\u00fa\u010dasnej kult\u00fare, spojen\u00e1 s\u00a0diskusiou a\u00a0vych\u00e1dzkou v\u00a0Banskej Belej, kde \u017eil a\u00a0p\u00f4sobil v\u00a0posledn\u00fdch rokoch.<\/p>\n<p><strong>Straten\u00fd \u010dlovek<\/strong><\/p>\n<p>Spojenie JAMA s\u00a0medzin\u00e1rodnou v\u00fdstavou Straten\u00fd \u010dlovek tento rok umo\u017en\u00ed roz\u0161\u00edrenie intermedi\u00e1lneho z\u00e1meru organiz\u00e1torov na v\u00e4\u010d\u0161iu \u010dasov\u00fa plochu aj podrobnej\u0161ie sk\u00famanie ich p\u00f4sobenia v\u00a0regi\u00f3ne Banskej \u0160tiavnice. <em>\u201eStraten\u00fd \u010dlovek<\/em><em> je koncipovan\u00fd ako intermedi\u00e1lne prostredie presahuj\u00face steny v\u00fdstavnej siene, ktor\u00e1 bude len jeho \u201ez\u00e1kladn\u00fdm t\u00e1borom\u201c. Mnoh\u00e9 diela sa v\u0161ak odohraj\u00fa aj v\u00a0in\u00fdch priestoroch. Projekt akt\u00edvne pracuje s\u00a0geniom loci \u201evn\u00fatrozemia\u201c mesta a\u00a0okolia Banskej \u0160tiavnice a\u00a0Banskej Belej, kde \u017eil v\u00a0posledn\u00fdch rokoch Milan Adam\u010diak a\u00a0dnes je preto domovom JAMA,<\/em><em>\u201c<\/em> vysvet\u013euje kur\u00e1torka v\u00fdstavy Lucia G. Stach. <em>\u201eNosnou l\u00edniou s\u00fa<\/em><em> autentick\u00e9 autorsk\u00e9 vyjadrenia k pre\u017e\u00edvanej realite v r\u00f4znych obdobiach<\/em><em>,<\/em><em> od 60. Rokov 20. Storo\u010dia s odkazom na strat\u00e9gie tvoriv\u00e9ho pre\u017eitia umelcov a umelk\u00fd\u0148 po prelomovom roku 1968<\/em><em>, revolu\u010dn\u00e9 90. roky, <\/em><em>\u00a0a\u017e po <\/em><em>mlad\u00fa gener\u00e1ciu<\/em><em>, <\/em><em>vyrovn\u00e1vaj\u00facu sa s\u00a0v\u00fdzvou klimatickej kr\u00edzy a\u00a0\u010fal\u0161\u00edmi <\/em><em>aktu\u00e1lnymi glob\u00e1lnymi aj lok\u00e1lnymi sk\u00fasenos\u0165ami<\/em> <em>v <\/em><em>(<\/em><em>post<\/em><em>)<\/em><em>pandemickej doby<\/em><em>, ktor\u00e9 naplno<\/em><em> obna\u017eili <\/em><em>z\u00e1padnou spolo\u010dnos\u0165ou dlho <\/em><em>potl\u00e1\u010dan\u00fa naliehavos\u0165 <\/em><em>radik\u00e1lnych <\/em><em>ekologick\u00fdch a socio-politick\u00fdch reforiem.<\/em><em>\u201c<\/em><\/p>\n<p>Hlavn\u00fdmi v\u00fdstavn\u00fdmi priestormi bud\u00fa Parter BSC a\u00a0H\u00e1jov\u0148a KTC, no viacer\u00e9 diela sa objavia alebo bud\u00fa trvalo umiestnen\u00e9 na r\u00f4znych miestach v\u00a0Banskej \u0160tiavnici, Banskej Belej a\u00a0na Podhor\u00ed. Ich odkr\u00fdvanie nech\u00e1vaj\u00fa organiz\u00e1tori na n\u00e1v\u0161tevn\u00edkoch, \u010di n\u00e1hodn\u00fdch okoloid\u00facich. Do v\u00fdstavy s\u00fa z\u00e1rove\u0148 zaraden\u00e9 aj diela situovan\u00e9 v\u00a0Ko\u0161iciach, v\u00a0slovinskej horskej dedinke Dovje, \u010di v\u00a0Spojen\u00fdch \u0161t\u00e1toch americk\u00fdch.<\/p>\n<p>Medzin\u00e1rodn\u00e1 v\u00fdstava je viacgenera\u010dn\u00fdm projektom a\u00a0predstav\u00ed viac ne\u017e 40 autorov a\u00a0autoriek. Medzi prezentovan\u00fdmi umelcami a\u00a0umelky\u0148ami bude napr\u00edklad ma\u010farsk\u00e1 poetka a\u00a0performerka Adam\u010diakovej gener\u00e1cie Katalin Ladik, na\u0161a Jana \u017delibsk\u00e1, v\u00fdznamn\u00ed akcionisti a\u00a0konceptualisti ako Peter Barto\u0161, Rudolf Sikora \u010di\u00a0Stano Filko, legend\u00e1rny chorv\u00e1tsky autor Vlado Martek, ale nebud\u00fa ch\u00fdba\u0165 ani men\u00e1 ako Milan Adam\u010diak, J\u00e1n Budaj \u010di skladate\u013e Martin Burlas. Z\u00a0mlad\u0161\u00edch gener\u00e1ci\u00ed v\u00fdstava predstav\u00ed napr\u00edklad diela Pavl\u00edny Fichta \u010ciernej, Zorky Ledn\u00e1rovej, Borisa Sirku, Katar\u00edny Polia\u010dikovej a\u00a0Evy Prie\u010dkovej, Juraja G\u00e1bora, Ota Hudeca \u010di Mateja Gavulu \u010di\u00a0dvoch americk\u00fdch konceptu\u00e1lnych umelcov Thomasa Laila a\u00a0Taru Fracalossi.<\/p>\n<p><strong>JAMA ako partit\u00fara<\/strong><\/p>\n<p>Rozhodnutie realizova\u0165 tento rok JAMA a\u00a0vernis\u00e1\u017e v\u00fdstavy Straten\u00fd \u010dlovek ako vych\u00e1dzku m\u00e1 pod\u013ea organiz\u00e1torov koncep\u010dn\u00e9 aj pandemick\u00e9 d\u00f4vody. Tohtoro\u010dn\u00e1 JAMA je koncipovan\u00e1 ako realiz\u00e1cia novej grafickej partit\u00fary, ktor\u00fa vytvoril jeden z\u00a0organiz\u00e1torov JAMA Fero Kir\u00e1ly.<\/p>\n<p><em>\u201eKe\u010f\u017ee Adam\u010diak je najzn\u00e1mej\u0161\u00ed tvorbou grafick\u00fdch partit\u00far, vznikla idea vytvori\u0165 grafick\u00fa partit\u00faru, ktor\u00e1 by neobsahovala len hudobn\u00e9 udalosti, ale aj r\u00f4zne in\u00e9 performat\u00edvne situ\u00e1cie, pod\u013ea ktorej by sa JAMA uskuto\u010dnila,\u201c<\/em> vysvet\u013euje Fero Kir\u00e1ly. <em>\u201eJAMA \u2013 75. ro\u010dn\u00edk Milana Adam\u010diaka sa t\u00fdm st\u00e1va jednou ve\u013ekou intermedi\u00e1lnou kompoz\u00edciou, ktor\u00fa je mo\u017en\u00e9 interpretova\u0165 pod\u013ea tejto partit\u00fary.\u201c <\/em>Hostia aj n\u00e1v\u0161tevn\u00edci sa tak aj priamou s\u00fa\u010das\u0165ou prv\u00e9ho uvedenia tejto skladby.<\/p>\n<p>D\u00f4vody tohto rozhodnutia s\u00fa v\u0161ak aj pragmatick\u00e9 \u2013 podujatie chceli organiz\u00e1tori realizova\u0165 kv\u00f4li bezpe\u010dnosti do \u010do najv\u00e4\u010d\u0161ej miery pod hol\u00fdm nebom. Vyu\u017eili aj fakt, \u017ee form\u00e1t JAMA im to umo\u017e\u0148uje. \u201e<em>JAMA sa z\u00a0roka na rok men\u00ed v\u00a0kontexte doby a\u00a0t\u00e9m, ktor\u00e9 aktu\u00e1lne rie\u0161ime a\u00a0v\u00fdsledkom je, \u017ee m\u00e1me v\u00e4\u010d\u0161iu slobodu ako in\u00e9 podujatia,<\/em>\u201c vysvet\u013euje organiz\u00e1torka JAMA Eva Voz\u00e1rov\u00e1.<em> \u201eM\u00f4\u017eeme ju pou\u017ei\u0165 na jednej strane ako dramaturgick\u00fd n\u00e1stroj, no z\u00e1rove\u0148 napr\u00edklad aj na bezpe\u010dnej\u0161ie vysporiadanie sa s\u00a0aktu\u00e1lnou pand\u00e9miou.\u201c<\/em> Aj rozhodnutie spoji\u0165 tento rok JAMA s\u00a0medzin\u00e1rodnou v\u00fdstavou bolo pod\u013ea nej \u010diasto\u010dne motivovan\u00e9 uva\u017eovan\u00edm o\u00a0pandemickej situ\u00e1cii v\u00a0jesennom obdob\u00ed. <em>\u201eJe to sp\u00f4sob ako zachova\u0165 nie\u010do z\u00a0umenia, ktor\u00e9 sa sna\u017e\u00edme prezentova\u0165, o\u00a0\u010dosi dlh\u0161ie a\u00a0spr\u00edstupni\u0165 ho aj \u013eu\u010fom, ktor\u00ed sa nechc\u00fa alebo nem\u00f4\u017eu z\u00fa\u010dastni\u0165 jedn\u00e9ho intenz\u00edvneho kult\u00farneho v\u00edkendu.\u201c<\/em><\/p>\n<p>L\u00edstky na JAMA a\u00a0vernis\u00e1\u017e v\u00fdstavy Straten\u00fd \u010dlovek s\u00fa dostupn\u00e9 <a href=\"https:\/\/tootoot.fm\/sk\/events\/6155e3bda7cc38023851ce4e\">v\u00a0predpredaji cez Tootoot.fm<\/a>. Na obe podujatia je mo\u017en\u00e9 sa dosta\u0165 prostredn\u00edctvom jedn\u00e9ho spolo\u010dn\u00e9ho l\u00edstka.<\/p>\n<p><strong>Obe podujatia sa bud\u00fa kona\u0165 v\u00a0re\u017eime len pre zao\u010dkovan\u00fdch \u00fa\u010dastn\u00edkov.<\/strong><strong>\u00a0<\/strong><\/p>\n<p><strong>PROGRAM:<\/strong><\/p>\n<p><strong>\u0160TVRTOK 21. 10<\/strong><strong>.<\/strong><\/p>\n<p><strong><span style=\"text-decoration: underline;\">16.00, Kr\u010dma u Michala: Na\u010do Adam\u010diak?<br \/>\n<\/span><\/strong><em>SPRIEVODN\u00dd PROGRAM<br \/>\n<\/em>Strenutie a debata s obyvate\u013emi Banskej Belej o Adam\u010diakovi a umen\u00ed.<\/p>\n<p>&nbsp;<\/p>\n<p><strong>PIATOK 22. 10.<\/strong><\/p>\n<p><strong><u>18.00<\/u><u>, Parter BSC: <\/u><\/strong><u><strong>Door open<\/strong><br \/>\n<\/u><\/p>\n<p>&nbsp;<\/p>\n<p><strong><u>18.30<\/u><u>, Parter BSC: <\/u><u>Otvorenie JAMA \u2013 75. ro\u010dn\u00edk Milana Adam\u010diaka<\/u> <u>a medzin\u00e1rodnej v\u00fdstavy Straten\u00fd \u010dlovek<\/u><\/strong><\/p>\n<p><strong>Michal Matejka, Viktor Fu\u010dek &amp; \u0161tudenti V\u0160VU \u2013 Ohyb v pohybe<\/strong><strong>\u00a0<\/strong><\/p>\n<p><strong>Michal Kindernay \u2013 Phonotropic Blindness<\/strong>\u00a0(audiovizu\u00e1lna performance) \/\/ STRATEN\u00dd \u010cLOVEK<\/p>\n<p><strong>Katar\u00edna Polia\u010dikov\u00e1 \u2013 Learning Water, Salty Eyes<\/strong>\u00a0(performance) \/\/ STRATEN\u00dd \u010cLOVEK<\/p>\n<p>&nbsp;<\/p>\n<p><strong><u>20.30<\/u><\/strong><strong><u>, Art Cafe: <\/u><\/strong><strong><u>Noir soire\u00e9<\/u><\/strong><\/p>\n<p><strong><u><br \/>\n<\/u><\/strong><strong>Jozef Cseres a Viktor Pant\u016f\u010dek \u2013 H\u013eadaJ mA. MA\u00a0<\/strong>(performance)\u00a0\/\/ STRATEN\u00dd \u010cLOVEK<\/p>\n<p><strong>Sl\u00e1vo Krekovi\u010d<\/strong>\u00a0(koncert)<\/p>\n<p>&nbsp;<\/p>\n<p><strong>SOBOTA 23. 10<\/strong><strong>.<\/strong><\/p>\n<p><strong>\u00a0<\/strong><\/p>\n<p><strong><u>5.00<\/u><\/strong><strong><u>, Mar\u00edna: <\/u><\/strong><strong><u>Martin Burlas: Man Lost<\/u><\/strong><\/p>\n<p>Premi\u00e9rov\u00e9 po\u010d\u00favanie Straten\u00e9ho \u010dloveka Straten\u00fdm \u010dlovekom \/\/ STRATEN\u00dd \u010cLOVEK<\/p>\n<p>&nbsp;<\/p>\n<p><strong><u>10.00 <\/u><\/strong><strong><u>\u2013<\/u><\/strong><strong><u> 19.00<\/u><\/strong><strong><u>, <\/u><\/strong><strong><u>Nez\u00e1mern\u00e9 putovanie s M. A.<\/u><\/strong><\/p>\n<p>&nbsp;<\/p>\n<p><em>Ve\u013ek\u00e1 vod\u00e1rensk\u00e1<br \/>\n<\/em><strong>\u00dcren\u00e4 \u00dcz\u0101 \u2013 Nanof\u00f3nia<\/strong>\u00a0(koncert)<\/p>\n<p><strong>Petr Graham \u2013\u00a0Probl\u00e9my nov\u00e9ho folkl\u00f3ru<\/strong>\u00a0(slovo)<\/p>\n<p>&nbsp;<\/p>\n<p><em>Mal\u00e1 vod\u00e1rensk\u00e1<\/em><br \/>\n<strong>Viktor Fu\u010dek \u2013 1.CB.10a<\/strong>\u00a0(performance)<\/p>\n<p>&nbsp;<\/p>\n<p><em>\u017digmund \u0161achta<br \/>\n<\/em><strong>Rainer O. Neugebauer \u2013\u00a0\u201cI think what we need in the field of music is a very long performance \u2026\u201d<\/strong>\u00a0(slovo)<\/p>\n<p><strong>Peter Graham \u2013 Hudba pre nenaladite\u013en\u00fa gitaru<\/strong>\u00a0(koncert)<\/p>\n<p><em>Amfite\u00e1ter Podhorie<\/em><br \/>\n<strong>Viktor Fu\u010dek \u2013\u00a0Ak\u010dn\u00e9 Aspekty Architekt\u00fary<\/strong>\u00a0(slovo)<\/p>\n<p><em>Pod \u0160irok\u00fdm vrchom<br \/>\n<\/em><strong>Zuzana Hus\u00e1rov\u00e1 \u2013 Korene E-lit<\/strong>\u00a0(slovo)<\/p>\n<p><em>\u0160irok\u00fd vrch<br \/>\n<\/em><strong>Situ\u00e1cia 9\u00a0<\/strong><\/p>\n<p><em>Usadlos\u0165 pod \u0160irok\u00fdm vrchom<br \/>\n<\/em><strong>Situ\u00e1cia 10<\/strong><\/p>\n<p><em>Pod <\/em><em>S<\/em><em>tuden\u00fdm vrchom<br \/>\n<\/em><strong>Peter Kalmus a Michal Murin \u2013 Pokus o \u00fanik z \u010dasu\u00a0<\/strong>(performance)\u00a0\/\/ STRATEN\u00dd \u010cLOVEK<\/p>\n<p><em>Za \u0160obovom<br \/>\n<\/em><strong>Situ\u00e1cia 12<\/strong><\/p>\n<p><em>H\u00e1jov\u0148a KTC<br \/>\n<\/em><strong>Michal Matejka \u2013 Ut\u00f3pia<\/strong>\u00a0(koncert)<\/p>\n<p>&nbsp;<\/p>\n<p><strong>NEDE\u013dA 24. 10<\/strong><strong>.<\/strong><\/p>\n<p><strong>\u00a0<\/strong><strong>11.00 <\/strong><strong>\u2013 <\/strong><strong>13.00<\/strong> Open Studio v ateli\u00e9ri\u00a0Sv\u00e4topluka Mikytu<\/p>\n<p><em>SPRIEVODN\u00dd PROGRAM<br \/>\nOrganizuje Bansk\u00e1 St a nica Contemporary<\/em><\/p>\n<p>&nbsp;<\/p>\n<p><strong>Organiz\u00e1torom JAMA \u2013 75. ro\u010dn\u00edk Milana Adam\u010diaka je zdru\u017eenie ooo. Spoluorganiz\u00e1torom je Bansk\u00e1 St a\u00a0nica Contemporary.<\/strong><\/p>\n<p><strong>Podujatia podporil ako hlavn\u00fd partner z verejn\u00fdch zdrojov Fond na podporu umenia. JAMA je realizovan\u00e1 s podporou Goethe Institut Bratislava a SOZA. Partnerom v\u00fdstavy Straten\u00fd \u010dlovek je Slovensk\u00e1 n\u00e1rodn\u00e1 gal\u00e9ria.<\/strong><\/p>\n<p><strong>Hlavn\u00fd organiz\u00e1tor:<\/strong><br \/>\nooo, o.z.<\/p>\n<p><strong>Spoluorganiz\u00e1tor:<\/strong><br \/>\nBansk\u00e1 St a nica Contemporary<\/p>\n<p><strong>Hlavn\u00fd partner:<\/strong><br \/>\nFond na podporu umenia<br \/>\nJAMA \u2013 75. ro\u010dn\u00edk Milana Adam\u010diaka podporil ako hlavn\u00fd partner z verejn\u00fdch zdrojov Fond na podporu umenia.<\/p>\n<p><strong>Partneri:<\/strong><br \/>\nGoethe Institut Bratislava<br \/>\nSOZA<\/p>\n<p>Slovensk\u00e1 n\u00e1rodn\u00e1 gal\u00e9ria<br \/>\nParter_BSC<br \/>\nMesto Bansk\u00e1 \u0160tiavnica<br \/>\nObec Bansk\u00e1 Bel\u00e1<br \/>\nArt Caf\u00e9<br \/>\nH\u00e1jov\u0148a \u2013 \u010cerven\u00e1 stud\u0148a<br \/>\nAntikvari\u00e1tik<br \/>\nMedzin\u00e1rodn\u00e1 spolo\u010dnos\u0165 pre s\u00fa\u010dasn\u00fa hudbu \u2013 slovensk\u00e1 sekcia<br \/>\nUbytovanie Mar\u00edna<br \/>\nBanskobystrick\u00fd samospr\u00e1vny kraj<\/p>\n<p><strong>Medi\u00e1lni partneri:<\/strong><br \/>\nRadio FM<br \/>\nR\u00e1dio DEV\u00cdN<br \/>\nVlna \u2013 urb\u00e1nny splietac\u00ed m\u00e1g<br \/>\nFlash Art Czech and Slovak Edition<br \/>\n\u0160tiavnick\u00e9 Noviny<\/p>\n<p>&nbsp;<\/p>\n","protected":false},"excerpt":{"rendered":"<p>&nbsp; \u00a0 JAMA \u2013 75. RO\u010cN\u00cdK MILANA ADAM\u010cIAKA BUDE CELODENNOU PARTIT\u00daROU AJ OTVOREN\u00cdM INTERMEDI\u00c1LNEJ V\u00ddSTAVY STRATEN\u00dd \u010cLOVEK KEDY: 22. \u2013 23. okt\u00f3ber 2021 KDE: Bansk\u00e1 \u0160tiavnica, Bansk\u00e1 Bel\u00e1, Podhorie PREDPREDAJ: https:\/\/tootoot.fm\/sk\/events\/6155e3bda7cc38023851ce4e PROGRAM: http:\/\/www.jama.ooo\/#program Kult\u00farna udalos\u0165 ako realiz\u00e1cia grafickej partit\u00fary? JAMA \u2013 75. ro\u010dn\u00edk Milana Adam\u010diaka sa t\u00fato jese\u0148 op\u00e4\u0165 odohr\u00e1 v\u00a0okol\u00ed Banskej \u0160tiavnice a okol\u00ed. [&#8230;]<\/p>\n<p><a class=\"btn btn-secondary understrap-read-more-link\" href=\"https:\/\/www.jama.ooo\/en\/tlacova-sprava-2021\/\">Read More&#8230;<span class=\"screen-reader-text\"> from Press release 2021<\/span><\/a><\/p>\n","protected":false},"author":2,"featured_media":0,"parent":0,"menu_order":0,"comment_status":"closed","ping_status":"closed","template":"","meta":{"footnotes":""},"class_list":["post-1009","page","type-page","status-publish","hentry"],"_links":{"self":[{"href":"https:\/\/www.jama.ooo\/en\/wp-json\/wp\/v2\/pages\/1009","targetHints":{"allow":["GET"]}}],"collection":[{"href":"https:\/\/www.jama.ooo\/en\/wp-json\/wp\/v2\/pages"}],"about":[{"href":"https:\/\/www.jama.ooo\/en\/wp-json\/wp\/v2\/types\/page"}],"author":[{"embeddable":true,"href":"https:\/\/www.jama.ooo\/en\/wp-json\/wp\/v2\/users\/2"}],"replies":[{"embeddable":true,"href":"https:\/\/www.jama.ooo\/en\/wp-json\/wp\/v2\/comments?post=1009"}],"version-history":[{"count":4,"href":"https:\/\/www.jama.ooo\/en\/wp-json\/wp\/v2\/pages\/1009\/revisions"}],"predecessor-version":[{"id":1067,"href":"https:\/\/www.jama.ooo\/en\/wp-json\/wp\/v2\/pages\/1009\/revisions\/1067"}],"wp:attachment":[{"href":"https:\/\/www.jama.ooo\/en\/wp-json\/wp\/v2\/media?parent=1009"}],"curies":[{"name":"wp","href":"https:\/\/api.w.org\/{rel}","templated":true}]}}