

{"id":1435,"date":"2023-09-07T13:49:54","date_gmt":"2023-09-07T13:49:54","guid":{"rendered":"https:\/\/www.jama.ooo\/?page_id=1435"},"modified":"2023-11-08T22:53:54","modified_gmt":"2023-11-08T22:53:54","slug":"dielne77","status":"publish","type":"page","link":"https:\/\/www.jama.ooo\/en\/dielne77\/","title":{"rendered":"Workshops 77"},"content":{"rendered":"<div class=\"gca-column one-half first\"><p><strong><span style=\"font-size: 18pt;\">Prihlasovanie na Dielne 77<\/span><\/strong><\/p>\n<p>Aj tento rok m\u00e1me na JAMA priestor pre \u0161tudentstvo chtiv\u00e9 po hran\u00ed sa, tvorbe, u\u010den\u00ed sa a tak celkovo viac-ne\u017e-len-pas\u00edvnom vy\u017eit\u00ed sa pri pr\u00edle\u017eitosti JAMA sedemdesiatsedmi\u010dky. Na v\u00fdber m\u00e1te z dvoch celodenn\u00fdch dieln\u00ed pod veden\u00edm umelectva a lektorstva, na ktor\u00fdch vznikn\u00fa v\u00fdstupy pre hlavn\u00fd program podujatia. Ka\u017ed\u00fd \u00fa\u010dastn\u00edk*\u010dka si m\u00f4\u017ee vybra\u0165 jednu z dieln\u00ed, na ktorej str\u00e1vi svoj \u010das. Dielne 77 bud\u00fa vies\u0165 pohybov\u00e1 umelky\u0148a <b>Eva Prie\u010dkov\u00e1<\/b> a vizu\u00e1lny umelec a hudobn\u00edk <b>Erik Sikora<\/b>. Viac info o oboch diel\u0148ach a lektorstve ni\u017e\u0161ie.<\/p>\n<p>Prihl\u00e1si\u0165 sa m\u00f4\u017eete do <strong>27. 9. 2023<\/strong> cez prihlasovac\u00ed formul\u00e1r ni\u017e\u0161ie.Viac info o podmienkach a programe dieln\u00ed n\u00e1jdete na tejto str\u00e1nke.<\/p>\n<p>Kapacita je obmedzen\u00e1.<\/p>\n<p><strong>Kto sa m\u00f4\u017ee prihl\u00e1si\u0165?<\/strong><br \/>\nDielne s\u00fa otvoren\u00e9 pre \u0161tudentstvo stredn\u00fdch alebo vysok\u00fdch \u0161k\u00f4l vo veku nad 18 rokov. Preferujeme \u0161tudenstvo \u0161k\u00f4l s umeleck\u00fdm zameran\u00edm, ale prihl\u00e1si\u0165 sa m\u00f4\u017eete, aj ak ste zo \u0161k\u00f4l in\u00e9ho zamerania a m\u00e1te z\u00e1ujem o s\u00fa\u010dasn\u00e9 umenie. Prihl\u00e1si\u0165 sa m\u00f4\u017eu aj absolventi*ky workshopov z predo\u0161l\u00fdch ro\u010dn\u00edkov JAMA.<\/p>\n<p><strong>Kedy a kde?<\/strong><br \/>\nJAMA \u2013 77. ro\u010dn\u00edk Milana Adam\u010diaka sa kon\u00e1 v Banskej \u0160tiavnici, Banskej Belej a okol\u00ed 13. a 14. okt\u00f3bra 2023. \u0160tudentsk\u00e9 dielne sa konaj\u00fa v piatok 13. okt\u00f3bra od cca 9:00 do 18:00. Pr\u00edchod do \u0160tiavnice <b>je preto potrebn\u00fd u\u017e vo \u0161tvrtok 12. 10. ve\u010der alebo v piatok r\u00e1no pred za\u010diatkom programu.<\/b><\/p>\n<p><b>Podmienky \u00fa\u010dasti na Diel\u0148ach 77 s\u00fa:<\/b><br \/>\n\u2013 Vyplnenie prihlasovacieho formul\u00e1ru<br \/>\n\u2013 Uhradenie \u00fa\u010dastn\u00edckeho poplatku (v pr\u00edpade vybratia na Dielne)<br \/>\n\u2013 Pr\u00edchod do Banskej \u0160tiavnice v\u010das pred za\u010diatkom Dieln\u00ed 77. \u00da\u010dastn\u00edctvo, ktor\u00e9 sa nem\u00f4\u017ee dostavi\u0165 na\u010das, nem\u00f4\u017eeme akceptova\u0165.<br \/>\n\u2013 O\u010dak\u00e1vame, \u017ee vybran\u00ed*\u00e9 uch\u00e1dza\u010di*ky sa z\u00fa\u010dastnia okrem Dieln\u00ed aj cel\u00e9ho programu JAMA 77 v priebehu piatka a soboty. Prihl\u00e1sen\u00edm sa na Dielne vyjadrujete svoj s\u00fahlas s touto podmienkou a potvrdzujete, \u017ee zotrv\u00e1te na JAMA po cel\u00fd \u010das.<\/p>\n<p><strong>Ako sa prihl\u00e1si\u0165?<\/strong><br \/>\nPre z\u00edskanie miesta na Diel\u0148ach 77 je potrebn\u00e9 vyplni\u0165 <a href=\"https:\/\/forms.gle\/s4pfqAX8jNFXK8hT6\" target=\"_blank\" rel=\"noopener\">prihlasovac\u00ed formul\u00e1r<\/a> najnesk\u00f4r do 27. septembra 2023 23:59. V prihlasovacom formul\u00e1ri si vybrte jednu z dieln\u00ed, na ktorej preferujete z\u00fa\u010dastni\u0165 sa. V\u00fdber je z\u00e1v\u00e4zn\u00fd. V pr\u00edpade, \u017ee v\u00e1s vyberieme na Dielne 77, o\u010dak\u00e1vame, \u017ee nebudete svoju vo\u013ebu nesk\u00f4r meni\u0165.<\/p>\n<p>Vybran\u00e9 \u00fa\u010dastn\u00edctvo potvrd\u00edme a budeme kontaktova\u0165 po 30. septembri. Kapacita dieln\u00ed je limitovan\u00e1.<\/p>\n<p><strong>\u00da\u010dastn\u00edcky poplatok<\/strong><br \/>\nRegistra\u010dn\u00fd poplatok sa vz\u0165ahuje na \u00fa\u010dastn\u00edctvo, ktor\u00e9 vyberieme na Dielne 77 a je vo v\u00fd\u0161ke 11 eur. Poplatok bude potrebn\u00e9 uhradi\u0165 po vybran\u00ed na Dielne pod\u013ea pokynov organiz\u00e1tora. V pr\u00edpade, \u017ee poplatok neuhrad\u00edte, m\u00f4\u017eeme va\u0161e miesto posun\u00fa\u0165 in\u00fdm z\u00e1ujemcom.<\/p>\n<p>Pokia\u013e si registra\u010dn\u00fd poplatok nem\u00f4\u017eete z ak\u00e9hoko\u013evek d\u00f4vodu dovoli\u0165, nap\u00ed\u0161te n\u00e1m o d\u00f4vodoch viac v prihlasovacom formul\u00e1ri. Tak\u00e9to pr\u00edpady budeme posudzova\u0165 samostatne.<\/p>\n<p><strong>\u010co v tejto cene dostanete?<\/strong><br \/>\n\u2013 Vstup na cel\u00fa JAMA 77 a v\u0161etky jej aktivity (cena \u0161tudentsk\u00e9ho l\u00edstka v predpredaji je 15 eur)<br \/>\n\u2013 \u00fa\u010das\u0165 na jednej z Dieln\u00ed<br \/>\n\u2013 \u00da\u010das\u0165 v programe JAMA 77<br \/>\n\u2013 Ubytovanie na tri noci v hostelovom \u0161tandarde<br \/>\n\u2013 Piatkov\u00e9 ra\u0148ajky a obed<\/p>\n<p><strong>\u010co si mus\u00edte zabezpe\u010di\u0165 na vlastn\u00e9 n\u00e1klady?<\/strong><br \/>\n\u2013 Dopravu do Banskej \u0160tiavnice a nasp\u00e4\u0165 domov<br \/>\n\u2013 Stravu mimo piatkov\u00e9ho r\u00e1na a obeda<\/p>\n<p><strong>\u010co ak v\u00e1s nevyberieme?<\/strong><br \/>\nNa JAMA m\u00f4\u017eete pr\u00eds\u0165 aj tak \u2013 \u0161tudentsk\u00fd l\u00edstok zo\u017eeniete v predpredaji, poh\u013eadajte si ubytovanie na polovicu okt\u00f3bra a budeme sa na v\u00e1s te\u0161i\u0165!<\/p>\n<p>&nbsp;<\/p>\n<p style=\"text-align: left;\"><a href=\"https:\/\/forms.gle\/s4pfqAX8jNFXK8hT6\"><button>Prihlasovac\u00ed formul\u00e1r na Dielne 77<\/button><\/a><\/p>\n<p>&nbsp;<\/p>\n<h5><span style=\"font-size: 18pt;\"><strong>\u010co je JAMA?<\/strong><\/span><\/h5>\n<p>&nbsp;<\/p>\n<p>JAMA je podujatie odohr\u00e1vaj\u00face sa na pomedz\u00ed umeleck\u00fdch foriem, m\u00e9di\u00ed a \u017eivotn\u00fdch situ\u00e1ci\u00ed. Sp\u00e1ja tvorcov a \u00fa\u010dastn\u00edkov z r\u00f4znych prostred\u00ed. Ak je to mo\u017en\u00e9, sna\u017e\u00ed sa o akt\u00edvnu \u00fa\u010das\u0165 n\u00e1v\u0161tevn\u00edctva, miestnej komunity a \u0161tudentstva. Ka\u017edoro\u010dn\u00e9 vydania s\u00fa \u010d\u00edslovan\u00e9 na po\u010des\u0165 nedo\u017eit\u00fdch naroden\u00edn intermedi\u00e1lneho umelca Milana Adam\u010diaka (1946-2017). Viac info o JAMA n\u00e1jdete na na\u0161om webe: <a href=\"http:\/\/www.jama.ooo\/o-jama\/\">jama.ooo\/o-jama<\/a><\/p>\n<p>Organiz\u00e1torom JAMA \u2013 77. ro\u010dn\u00edk Milana Adam\u010diaka je <a href=\"https:\/\/zdruzenie.ooo\/\">zdru\u017eenie ooo<\/a>. JAMA sa kon\u00e1 s podporou <a href=\"https:\/\/www.facebook.com\/fondnapodporuumenia\/?__xts__%5B0%5D=68.ARDBJcbFb53dD1k6ck-rrsrlcgMm7pgVfe1YhACmoKGco88FanTrXWXUyAunkF4paazhMLqED4Uqqoc_BYrBzkdTgrxZz_SSQS3nCkL4pL1xvm5AgUfnsEG1ur4CgGi6Z8Dcywq1HnF6VlbJXQqk3vOO-iyJD3kkkcGYXM_2CS7hcaSI5Tx70oe-ewbbtXODPBvFcgAjECkYeZXBNRPyxV9PBOfLLAD92Q3tE0SEub6fG8hzdGlu6ihrZPGV-_l2-fs4zmO_uxtE64qRwBvCFLSiVfgtifna2tIygiDoJyj5nhb7SrunWJ-YNxzBvS4V7aM&amp;eid=ARCm63S2U3h_Rzrizb8lugSjTWOjdMezGagm76LFDtoJ33iX_sIjdwgm1g0piUmorD0SNL74mFfV60qT\">Fond na podporu umenia<\/a>, ktor\u00fd podujatie podporil z verejn\u00fdch zdrojov ako hlavn\u00fd partner, <a href=\"https:\/\/www.facebook.com\/soza.oks\/?__xts__%5B0%5D=68.ARDBJcbFb53dD1k6ck-rrsrlcgMm7pgVfe1YhACmoKGco88FanTrXWXUyAunkF4paazhMLqED4Uqqoc_BYrBzkdTgrxZz_SSQS3nCkL4pL1xvm5AgUfnsEG1ur4CgGi6Z8Dcywq1HnF6VlbJXQqk3vOO-iyJD3kkkcGYXM_2CS7hcaSI5Tx70oe-ewbbtXODPBvFcgAjECkYeZXBNRPyxV9PBOfLLAD92Q3tE0SEub6fG8hzdGlu6ihrZPGV-_l2-fs4zmO_uxtE64qRwBvCFLSiVfgtifna2tIygiDoJyj5nhb7SrunWJ-YNxzBvS4V7aM&amp;eid=ARAjatBjTB6ZZITe9eo1wxyizW8hQqhX3b6sXys17m3SwtWrgDUtqyhD6yS243V00L3f00lH4pGXO1O2\">Slovensk\u00fd ochrann\u00fd zv\u00e4z autorsk\u00fd<\/a>, Nad\u00e1cie SPP a Banskobystrick\u00e9ho samospr\u00e1vneho kraja. \u010eakujeme!<\/p><\/div>\n<div class=\"gca-column one-half\"><p><span style=\"font-size: 18pt;\"><b>Lektori a program Dieln\u00ed 77<\/b><\/span><\/p>\n<p><b>Diel\u0148a #1<\/b><br \/>\n<b>Eva Prie\u010dkov\u00e1 \u2013 Udr\u017eiavanie vz\u00e1jomn\u00e9ho pnutia<\/b><\/p>\n<p><img loading=\"lazy\" decoding=\"async\" class=\"alignnone wp-image-1512 size-full\" src=\"http:\/\/www.jama.ooo\/wp-content\/uploads\/2023\/09\/08_Eva_Prieckova_DIELNE.jpg\" alt=\"\" width=\"1500\" height=\"1000\" srcset=\"https:\/\/www.jama.ooo\/wp-content\/uploads\/2023\/09\/08_Eva_Prieckova_DIELNE.jpg 1500w, https:\/\/www.jama.ooo\/wp-content\/uploads\/2023\/09\/08_Eva_Prieckova_DIELNE-300x200.jpg 300w, https:\/\/www.jama.ooo\/wp-content\/uploads\/2023\/09\/08_Eva_Prieckova_DIELNE-1024x683.jpg 1024w, https:\/\/www.jama.ooo\/wp-content\/uploads\/2023\/09\/08_Eva_Prieckova_DIELNE-768x512.jpg 768w\" sizes=\"auto, (max-width: 1500px) 100vw, 1500px\" \/><\/p>\n<p>Tane\u010dn\u00e1 s\u00e1la ako laborat\u00f3rium pre soci\u00e1lne vz\u0165ahy (pod\u013ea Keitha Hennessyho). Eva o programe dielne p\u00ed\u0161e: \u201c<span style=\"font-weight: 400;\">Po\u010das workshopu budeme spolo\u010dne cez pohyb a dial\u00f3g sk\u00fama\u0165 mo\u017enosti vz\u00e1jomn\u00e9ho prepojenia, odpojenia sa a z\u00e1vislost\u00ed. Sk\u00fasime za\u017ei\u0165 telo kolekt\u00edvne. Vn\u00edma\u0165 ho ako n\u00e1dobu, ktor\u00e1 nesie pr\u00edbehy ka\u017edej jednej a jedn\u00e9ho z n\u00e1s. \u010co a ako tvaruje na\u0161e individu\u00e1lne a kolekt\u00edvne telo? Osobn\u00e9 sk\u00fasenosti, soci\u00e1lne vz\u0165ahy alebo glob\u00e1lne v\u00fdzvy? Cez vz\u00e1jomn\u00e9 na\u010d\u00favanie, hru a experiment s konsenzu\u00e1lnym dotykom si op\u00e4tovne osvoj\u00edme bl\u00edzkos\u0165 k sebe a in\u00fdm. Po\u010das workshopu v\u00e1m pon\u00faknem met\u00f3du pohybov\u00e9ho b\u00e1dania, ktor\u00e1 je zalo\u017een\u00e1 na vtelenej sk\u00fasenosti, prepojen\u00ed tela a mysle, kritickom uva\u017eovan\u00ed a kladen\u00ed si ot\u00e1zok o vz\u0165ahu medzi tancom a soci\u00e1lnymi vz\u0165ahmi. Met\u00f3da nevy\u017eaduje predch\u00e1dzaj\u00face sk\u00fasenosti s tane\u010dn\u00fdm umen\u00edm, je otvoren\u00e1 v\u0161etk\u00fdm. Zvedav\u00fd z\u00e1ujem o sk\u00famanie nezn\u00e1meho je v\u0161ak pr\u00edjemn\u00fdm za\u010diatkom.\u201d<\/span><\/p>\n<p><b>Eva Prie\u010dkov\u00e1<\/b> je (ne)z\u00e1visl\u00e1 pohybov\u00e1 umelky\u0148a p\u00f4sobiaca na Slovensku, v \u010cesku a\u00a0 v Chorv\u00e1tsku. Vo svojom v\u00fdskume vyvracia koncept tane\u010dnej virtuozity a dokonale ovl\u00e1dan\u00e9ho a vycvi\u010den\u00e9ho tela. Zameriava sa na fenom\u00e9n pohybu v ka\u017edodennom \u017eivote a jeho rozvoj v komunite. Jej v\u00fdchodiskom je koncept zdie\u013ean\u00e9ho z\u00e1\u017eitku, vtelenej sk\u00fasenosti a tvoriv\u00e9ho pozorovan\u00e9ho flow. Aktu\u00e1lne p\u00f4sob\u00ed ako doktorandka na Jan\u00e1\u010dkovej akad\u00e9mii m\u00fazick\u00fdch umen\u00ed v Brne.<\/p>\n<p><b>Diel\u0148a #2<\/b><br \/>\n<b>Erik Sikora \u2013 D\u017eem pre jazyk<\/b><\/p>\n<p><img loading=\"lazy\" decoding=\"async\" class=\"alignnone wp-image-1510 size-full\" src=\"http:\/\/www.jama.ooo\/wp-content\/uploads\/2023\/09\/07_Erik_Sikora_DIELNE.jpg\" alt=\"\" width=\"1500\" height=\"1000\" srcset=\"https:\/\/www.jama.ooo\/wp-content\/uploads\/2023\/09\/07_Erik_Sikora_DIELNE.jpg 1500w, https:\/\/www.jama.ooo\/wp-content\/uploads\/2023\/09\/07_Erik_Sikora_DIELNE-300x200.jpg 300w, https:\/\/www.jama.ooo\/wp-content\/uploads\/2023\/09\/07_Erik_Sikora_DIELNE-1024x683.jpg 1024w, https:\/\/www.jama.ooo\/wp-content\/uploads\/2023\/09\/07_Erik_Sikora_DIELNE-768x512.jpg 768w\" sizes=\"auto, (max-width: 1500px) 100vw, 1500px\" \/><\/p>\n<h5><\/h5>\n<p>Erik Sikora a.k.a. D\u017eumelec sa v tvorbe pesni\u010diek sna\u017e\u00ed o dokumentovanie reality bez zn\u00e1sil\u0148ovania jazyka r\u00fdmovan\u00edm a in\u00fdmi umel\u00fdmi pr\u00edsadami. Len\u017ee tvori\u0165 texty v sloven\u010dine je \u0165a\u017ek\u00e9. Kodifikova\u0165 nov\u00fa, rytmickej\u0161iu sloven\u010dinu by mohlo by\u0165 \u013eah\u0161ie, alebo aspo\u0148 l\u00e1kavej\u0161ie. Popri sk\u00fasenostiach s tvorbou pesni\u010diek pri\u0161iel Erik na nieko\u013eko f\u00ednt, ako sa vysporiada\u0165 so sloven\u010dinou, aby lep\u0161ie sedela do rytmu hudby, a po\u010das workshopu v\u00e1s donich zasv\u00e4t\u00ed. To v\u0161ak nesta\u010d\u00ed, chcelo by to komplexn\u00fa zmenu mel\u00f3die, d\u00f4razu, koncoviek, sklo\u0148ovania, a podobne. \u00da\u010dastn\u00edctvo preto prinesie svoje n\u00e1vrhy pre lep\u0161iu sloven\u010dinu, a n\u00e1sledn\u00e9 praktick\u00e9 uk\u00e1\u017eky vyu\u017eitia pre texty, pesni\u010dky \u010di celkov\u00fa komunik\u00e1ciu. Cie\u013eom je snaha o vytvorenie jazyka, ktor\u00fd by sa v komunik\u00e1cii nepou\u017e\u00edval ako s\u00faboj monol\u00f3gov, ale ako spolo\u010dn\u00fd rozpr\u00e1vac\u00ed d\u017eem.<\/p>\n<p><b>Erik Sikora<\/b> je ko\u0161ick\u00fd konceptu\u00e1lny umelec. Svoje performat\u00edvne praktiky ukazuje na\u017eivo alebo \u0161\u00edri ako vide\u00e1 \u010di pesni\u010dky na internete. Mixuje ust\u00e1lenosti form\u00e1tov motiva\u010dnej predn\u00e1\u0161ky, koncertu, stand-upu, u\u010dite\u013estva, osobnej anga\u017eovanosti a v\u0161eli\u010doho in\u00e9ho, pri\u010dom \u2013 slovami kur\u00e1tora Ji\u0159\u00edho Pt\u00e1\u010dka \u2013 \u201chops\u00e1 po b\u0159itu trapnosti\u201d \u2013 a to k v\u0161eobecn\u00e9mu pote\u0161eniu a radosti div\u00e1ctva. Je dr\u017eite\u013eom Ceny Osk\u00e1ra \u010cepana 2019. Aktu\u00e1lne p\u00f4sob\u00ed ako pedag\u00f3g v Ateli\u00e9ri fotografie a nov\u00fdch m\u00e9di\u00ed na Fakulte umen\u00ed Technickej univerzity v Ko\u0161iciach.<\/p><\/div>","protected":false},"excerpt":{"rendered":"<p> [&#8230;]<\/p>\n<p><a class=\"btn btn-secondary understrap-read-more-link\" href=\"https:\/\/www.jama.ooo\/en\/dielne77\/\">Read More&#8230;<span class=\"screen-reader-text\"> from Workshops 77<\/span><\/a><\/p>\n","protected":false},"author":1,"featured_media":0,"parent":0,"menu_order":0,"comment_status":"closed","ping_status":"closed","template":"","meta":{"footnotes":""},"class_list":["post-1435","page","type-page","status-publish","hentry"],"_links":{"self":[{"href":"https:\/\/www.jama.ooo\/en\/wp-json\/wp\/v2\/pages\/1435","targetHints":{"allow":["GET"]}}],"collection":[{"href":"https:\/\/www.jama.ooo\/en\/wp-json\/wp\/v2\/pages"}],"about":[{"href":"https:\/\/www.jama.ooo\/en\/wp-json\/wp\/v2\/types\/page"}],"author":[{"embeddable":true,"href":"https:\/\/www.jama.ooo\/en\/wp-json\/wp\/v2\/users\/1"}],"replies":[{"embeddable":true,"href":"https:\/\/www.jama.ooo\/en\/wp-json\/wp\/v2\/comments?post=1435"}],"version-history":[{"count":7,"href":"https:\/\/www.jama.ooo\/en\/wp-json\/wp\/v2\/pages\/1435\/revisions"}],"predecessor-version":[{"id":1683,"href":"https:\/\/www.jama.ooo\/en\/wp-json\/wp\/v2\/pages\/1435\/revisions\/1683"}],"wp:attachment":[{"href":"https:\/\/www.jama.ooo\/en\/wp-json\/wp\/v2\/media?parent=1435"}],"curies":[{"name":"wp","href":"https:\/\/api.w.org\/{rel}","templated":true}]}}