

{"id":626,"date":"2020-08-25T08:18:36","date_gmt":"2020-08-25T08:18:36","guid":{"rendered":"http:\/\/www.jama.ooo\/?page_id=626"},"modified":"2020-08-25T11:33:53","modified_gmt":"2020-08-25T11:33:53","slug":"call-for-students-2020","status":"publish","type":"page","link":"https:\/\/www.jama.ooo\/en\/call-for-students-2020\/","title":{"rendered":"Call for students 2020"},"content":{"rendered":"<h1><img loading=\"lazy\" decoding=\"async\" class=\"aligncenter wp-image-651 size-full\" src=\"http:\/\/www.jama.ooo\/wp-content\/uploads\/2020\/08\/JAMA2019_0347_Jan-Viazanicka_1920x1080.jpg\" alt=\"\" width=\"1920\" height=\"1080\" srcset=\"https:\/\/www.jama.ooo\/wp-content\/uploads\/2020\/08\/JAMA2019_0347_Jan-Viazanicka_1920x1080.jpg 1920w, https:\/\/www.jama.ooo\/wp-content\/uploads\/2020\/08\/JAMA2019_0347_Jan-Viazanicka_1920x1080-300x169.jpg 300w, https:\/\/www.jama.ooo\/wp-content\/uploads\/2020\/08\/JAMA2019_0347_Jan-Viazanicka_1920x1080-1024x576.jpg 1024w, https:\/\/www.jama.ooo\/wp-content\/uploads\/2020\/08\/JAMA2019_0347_Jan-Viazanicka_1920x1080-768x432.jpg 768w, https:\/\/www.jama.ooo\/wp-content\/uploads\/2020\/08\/JAMA2019_0347_Jan-Viazanicka_1920x1080-1536x864.jpg 1536w\" sizes=\"auto, (max-width: 1920px) 100vw, 1920px\" \/><\/h1>\n<h1 style=\"text-align: center;\"><b>JAMA 2020: Call for students<\/b><\/h1>\n<p>&nbsp;<\/p>\n<p><span style=\"font-weight: 400;\">\u00a0<\/span><span style=\"font-weight: 400;\">JAMA \u2013 74. ro\u010dn\u00edk Milana Adam\u010diaka aj tento rok umo\u017e\u0148uje \u0161tudentom so z\u00e1ujmom o intermedi\u00e1lne umenie z\u00fa\u010dastni\u0165 sa podujatia bezplatne v r\u00e1mci \u0161peci\u00e1lneho \u0161tudentsk\u00e9ho \u0161tipendia.<\/span><\/p>\n<p><span style=\"font-weight: 400;\">Na prvom ro\u010dn\u00edku JAMA na jese\u0148 2019 sa cez \u0161tipendijn\u00fd program podujatia z\u00fa\u010dastnilo 20 stredo- a vysoko\u0161kol\u00e1kov z cel\u00e9ho Slovenska. Tentokr\u00e1t \u0161tudentsk\u00fd program roz\u0161irujeme a jeho s\u00fa\u010das\u0165ou bude aj akt\u00edvne zapojenie sa do diania na JAMA prostredn\u00edctvom workshopov pod veden\u00edm sk\u00fasen\u00fdch lektorov.<\/span><\/p>\n<p>&nbsp;<\/p>\n<p><b>Kto sa m\u00f4\u017ee prihl\u00e1si\u0165?<\/b><\/p>\n<p><span style=\"font-weight: 400;\">Program je otvoren\u00fd pre <\/span><b>\u0161tudentky a \u0161tudentov stredn\u00fdch alebo vysok\u00fdch \u0161koly, vo veku 18 a\u017e 26 rokov. <\/b><span style=\"font-weight: 400;\">Preferujeme \u0161tudentov \u0161k\u00f4l s umeleck\u00fdm zameran\u00edm, no nevylu\u010dujeme ani in\u00e9 \u0161pecializ\u00e1cie. Prihl\u00e1si\u0165 sa m\u00f4\u017eu aj absolventi predo\u0161l\u00e9ho ro\u010dn\u00edka JAMA.\u00a0<\/span><\/p>\n<p>&nbsp;<\/p>\n<p><b>\u010co je JAMA a \u010do bude s\u00fa\u010das\u0165ou \u0161tudentsk\u00e9ho programu?<\/b><\/p>\n<p><span style=\"font-weight: 400;\">JAMA (ne)festival v Banskej Belej a Banskej \u0160tiavnici, organizovan\u00fd slovenskou sekciou <\/span><b>Medzin\u00e1rodnej spolo\u010dnosti pre s\u00fa\u010dasn\u00fa hudbu<\/b><span style=\"font-weight: 400;\">, zoskupen\u00edm <\/span><b>Cluster ensemble, ob\u010dianskym zdru\u017een\u00edm ooo<\/b><span style=\"font-weight: 400;\"> a reziden\u010dnou platformou <\/span><b>Bansk\u00e1 St a nica<\/b><span style=\"font-weight: 400;\">. Nadv\u00e4zuje na \u017eivot a p\u00f4sobenie Milana Adam\u010diaka v Banskej Belej a jej okol\u00ed, kde Adam\u010diak pre\u017eil svoje posledn\u00e9 roky.<\/span><\/p>\n<p><span style=\"font-weight: 400;\">Dramaturgia JAMA sa zameriava na prienik r\u00f4znych foriem umenia a prezent\u00e1ciu aktu\u00e1lnej aj star\u0161ej tvorby na ich pomedz\u00ed. S\u00fa\u010das\u0165ou programu s\u00fa koncerty, performancie, p\u00e1smo predn\u00e1\u0161ok renomovan\u00fdch umelcov a teoretikov, aktivity v pr\u00edrode a program zap\u00e1jaj\u00faci miestnych obyvate\u013eov z Banskej Belej a okolia.\u00a0<\/span><span style=\"font-weight: 400;\">Takto vyzerala JAMA vlani: <\/span><a href=\"https:\/\/vimeo.com\/395972765\"><span style=\"font-weight: 400;\">video<\/span><\/a><span style=\"font-weight: 400;\">, <\/span><a href=\"http:\/\/www.jama.ooo\/galeria-jama-2019\/\"><span style=\"font-weight: 400;\">foto<\/span><\/a><span style=\"font-weight: 400;\">, <\/span><a href=\"http:\/\/www.jama.ooo\/povedali-o-jama\/\"><span style=\"font-weight: 400;\">text<\/span><\/a><\/p>\n<p><span style=\"font-weight: 400;\">\u0160tudentsk\u00fd program bude tento rok pozost\u00e1va\u0165 okrem festivalu aj zo zapojenia sa do jedn\u00e9ho z dvoch workshopov so sk\u00fasen\u00fdmi lektormi \u2013 <\/span><b>v\u00fdtvarn\u00e9ho<\/b> <b>workshopu pod veden\u00edm Sv\u00e4topluka Mikytu<\/b><span style=\"font-weight: 400;\"> a <\/span><b>pohybov\u00e9ho workshopu pod veden\u00edm Soni K\u00fade\u013eovej<\/b><span style=\"font-weight: 400;\">. Ka\u017ed\u00fd z \u00fa\u010dastn\u00edkov si m\u00f4\u017ee vybra\u0165 len jeden z workshopov, ktor\u00e9ho sa akt\u00edvne z\u00fa\u010dastn\u00ed. <\/span><b>Na \u017eiadny z workshopov nie je potrebn\u00e9 ma\u0165 predo\u0161l\u00e9 sk\u00fasenosti v danej oblasti. <\/b><span style=\"font-weight: 400;\">Podrobnej\u0161ie info o workshopoch n\u00e1jdete ni\u017e\u0161ie na tejto str\u00e1nke.\u00a0<\/span><b>Kapacita je obmedzen\u00e1 na 20 \u013eud\u00ed!<\/b><span style=\"font-weight: 400;\">\u00a0<\/span><\/p>\n<p>&nbsp;<\/p>\n<p><b>Kedy a kde?<\/b><\/p>\n<p><span style=\"font-weight: 400;\">JAMA \u2013 74. ro\u010dn\u00edk Milana Adam\u010diaka sa kon\u00e1 v Banskej Belej a Banskej \u0160tiavnici 23. a 25. okt\u00f3bra 2020. <\/span><b>Program workshopov pre \u0161tudentov sa za\u010d\u00edna v piatok 23. okt\u00f3bra r\u00e1no, preto je potrebn\u00e9 by\u0165 v Banskej \u0160tiavnici u\u017e vo \u0161tvrtok 22. okt\u00f3bra ve\u010der.<\/b><\/p>\n<p><b>FB event:<\/b> <a href=\"https:\/\/www.facebook.com\/events\/3066228296830568\/\"><span style=\"font-weight: 400;\">https:\/\/www.facebook.com\/events\/3066228296830568\/<\/span><\/a><\/p>\n<p>&nbsp;<\/p>\n<p><b>Ako sa prihl\u00e1si\u0165?<\/b><\/p>\n<p><span style=\"font-weight: 400;\">Pre z\u00edskanie miesta na festivale je potrebn\u00e9 <\/span><b>vyplni\u0165 <\/b><a href=\"https:\/\/forms.gle\/R345HQ8HsxpAVa7a9\"><b>prihlasovac\u00ed formul\u00e1r<\/b><\/a><b> najnesk\u00f4r do 11. septembra 2020 23:59<\/b><span style=\"font-weight: 400;\">.<\/span><\/p>\n<p><span style=\"font-weight: 400;\">Vybran\u00fdch \u00fa\u010dastn\u00edkov potvrd\u00edme okolo 17. septembra 2020.<\/span><\/p>\n<p>&nbsp;<\/p>\n<p><b>\u00da\u010dastn\u00edkom vybran\u00fdm cez t\u00fato v\u00fdzvu zabezpe\u010d\u00edme:<\/b><\/p>\n<p><span style=\"font-weight: 400;\">\u2013 Bezplatn\u00fd vstup na cel\u00fd festival a v\u0161etky jeho aktivity<\/span><\/p>\n<p><span style=\"font-weight: 400;\">\u2013 Bezplatn\u00fa \u00fa\u010das\u0165 na jednom z celodenn\u00fdch z workshopov pod veden\u00edm zauj\u00edmav\u00fdch umelcov<\/span><\/p>\n<p><span style=\"font-weight: 400;\">\u2013 Mo\u017enos\u0165 sta\u0165 sa s\u00fa\u010das\u0165ou programu JAMA \u2013 74. ro\u010dn\u00edk Milana Adam\u010diaka<\/span><\/p>\n<p><span style=\"font-weight: 400;\">\u2013 Ubytovanie na tri noci<\/span><\/p>\n<p><span style=\"font-weight: 400;\">\u2013 Sobotn\u00e9 ra\u0148ajky a obed na podujat\u00ed<\/span><\/p>\n<p>&nbsp;<\/p>\n<p><b>\u00da\u010dastn\u00edci vybran\u00ed cez t\u00fato v\u00fdzvu si musia na vlastn\u00e9 n\u00e1klady zabezpe\u010di\u0165:<\/b><\/p>\n<p><span style=\"font-weight: 400;\">\u2013 Dopravu do Banskej \u0160tiavnice a nasp\u00e4\u0165 domov<\/span><\/p>\n<p><span style=\"font-weight: 400;\">\u2013 Stravu mimo sobotn\u00e9ho r\u00e1na a obeda<\/span><\/p>\n<p>&nbsp;<\/p>\n<p><span style=\"font-weight: 400;\"><strong>A ak v\u00e1s nevyberieme?<\/strong> Na JAMA m\u00f4\u017eete pr\u00eds\u0165 aj tak \u2013 na jese\u0148 spust\u00edme predpredaj, poh\u013eadajte si ubytovanie na posledn\u00fd okt\u00f3brov\u00fd v\u00edkend a budeme sa na v\u00e1s te\u0161i\u0165!<\/span><\/p>\n<p><span style=\"font-weight: 400;\">JAMA by sa nemohla udia\u0165 bez podpory<\/span><a href=\"https:\/\/www.facebook.com\/fondnapodporuumenia\/?__xts__%5B0%5D=68.ARDBJcbFb53dD1k6ck-rrsrlcgMm7pgVfe1YhACmoKGco88FanTrXWXUyAunkF4paazhMLqED4Uqqoc_BYrBzkdTgrxZz_SSQS3nCkL4pL1xvm5AgUfnsEG1ur4CgGi6Z8Dcywq1HnF6VlbJXQqk3vOO-iyJD3kkkcGYXM_2CS7hcaSI5Tx70oe-ewbbtXODPBvFcgAjECkYeZXBNRPyxV9PBOfLLAD92Q3tE0SEub6fG8hzdGlu6ihrZPGV-_l2-fs4zmO_uxtE64qRwBvCFLSiVfgtifna2tIygiDoJyj5nhb7SrunWJ-YNxzBvS4V7aM&amp;eid=ARCm63S2U3h_Rzrizb8lugSjTWOjdMezGagm76LFDtoJ33iX_sIjdwgm1g0piUmorD0SNL74mFfV60qT\"><span style=\"font-weight: 400;\"> Fond na podporu umenia<\/span><\/a><span style=\"font-weight: 400;\">, ktor\u00fd podujatie podporil z verejn\u00fdch zdrojov ako hlavn\u00fd partner,<\/span><a href=\"https:\/\/www.facebook.com\/LITAautorskaspolocnost\/?__xts__%5B0%5D=68.ARDBJcbFb53dD1k6ck-rrsrlcgMm7pgVfe1YhACmoKGco88FanTrXWXUyAunkF4paazhMLqED4Uqqoc_BYrBzkdTgrxZz_SSQS3nCkL4pL1xvm5AgUfnsEG1ur4CgGi6Z8Dcywq1HnF6VlbJXQqk3vOO-iyJD3kkkcGYXM_2CS7hcaSI5Tx70oe-ewbbtXODPBvFcgAjECkYeZXBNRPyxV9PBOfLLAD92Q3tE0SEub6fG8hzdGlu6ihrZPGV-_l2-fs4zmO_uxtE64qRwBvCFLSiVfgtifna2tIygiDoJyj5nhb7SrunWJ-YNxzBvS4V7aM&amp;eid=ARCkRY4gp79QSAQz83De8QD7SA3LcipN23SZHs6gZ9B_ISU-3c1H2OxfsNykxq9P8tgVIc4C-wjaN-OB\"><span style=\"font-weight: 400;\"> LITA, autorsk\u00e1 spolo\u010dnos\u0165<\/span><\/a><span style=\"font-weight: 400;\"> a<\/span><a href=\"https:\/\/www.facebook.com\/soza.oks\/?__xts__%5B0%5D=68.ARDBJcbFb53dD1k6ck-rrsrlcgMm7pgVfe1YhACmoKGco88FanTrXWXUyAunkF4paazhMLqED4Uqqoc_BYrBzkdTgrxZz_SSQS3nCkL4pL1xvm5AgUfnsEG1ur4CgGi6Z8Dcywq1HnF6VlbJXQqk3vOO-iyJD3kkkcGYXM_2CS7hcaSI5Tx70oe-ewbbtXODPBvFcgAjECkYeZXBNRPyxV9PBOfLLAD92Q3tE0SEub6fG8hzdGlu6ihrZPGV-_l2-fs4zmO_uxtE64qRwBvCFLSiVfgtifna2tIygiDoJyj5nhb7SrunWJ-YNxzBvS4V7aM&amp;eid=ARAjatBjTB6ZZITe9eo1wxyizW8hQqhX3b6sXys17m3SwtWrgDUtqyhD6yS243V00L3f00lH4pGXO1O2\"><span style=\"font-weight: 400;\"> Slovensk\u00fd ochrann\u00fd zv\u00e4z autorsk\u00fd<\/span><\/a><span style=\"font-weight: 400;\">. Partnerom \u010fakujeme!<\/span><\/p>\n<p>&nbsp;<\/p>\n<p>&nbsp;<\/p>\n<h3 style=\"text-align: left;\"><b>Workshop so So\u0148ou K\u00fade\u013eovou: Zvuky ticha. (3x pohyb)<\/b><\/h3>\n<p><img loading=\"lazy\" decoding=\"async\" class=\"wp-image-636 size-large\" src=\"http:\/\/www.jama.ooo\/wp-content\/uploads\/2020\/08\/93562887-9CF9-4F91-9565-802E603088C0-B5C4B96E-E801-4E60-BEEB-2394257F6D95-1024x771.jpg\" alt=\"\" width=\"640\" height=\"482\" srcset=\"https:\/\/www.jama.ooo\/wp-content\/uploads\/2020\/08\/93562887-9CF9-4F91-9565-802E603088C0-B5C4B96E-E801-4E60-BEEB-2394257F6D95-1024x771.jpg 1024w, https:\/\/www.jama.ooo\/wp-content\/uploads\/2020\/08\/93562887-9CF9-4F91-9565-802E603088C0-B5C4B96E-E801-4E60-BEEB-2394257F6D95-300x226.jpg 300w, https:\/\/www.jama.ooo\/wp-content\/uploads\/2020\/08\/93562887-9CF9-4F91-9565-802E603088C0-B5C4B96E-E801-4E60-BEEB-2394257F6D95-768x578.jpg 768w, https:\/\/www.jama.ooo\/wp-content\/uploads\/2020\/08\/93562887-9CF9-4F91-9565-802E603088C0-B5C4B96E-E801-4E60-BEEB-2394257F6D95.jpg 1480w\" sizes=\"auto, (max-width: 640px) 100vw, 640px\" \/><\/p>\n<p><span style=\"font-weight: 400;\">Ticho je n\u00e1stroj k po\u010d\u00favaniu a vyjadreniu bezprostredn\u00e9ho tela, ktor\u00e9 pozorne sleduje svoju motiv\u00e1ciu pre pohyb. \u010co n\u00e1s k pohybu podnecuje? Mel\u00f3dia, zvuk, ka\u017edodenn\u00fd \u00fakon alebo my\u0161lienka? Ticho, ako opozitum k hudbe, v\u0161ak predstavuje aj izol\u00e1ciu vo vlastnom v\u00fdzname. Prin\u00e1\u0161a nov\u00fa sk\u00fasenos\u0165 vn\u00edmania a vytv\u00e1ra pomyseln\u00fa \u201czvukov\u00fa\u201d stopu k pohybu.\u00a0<\/span><\/p>\n<p><span style=\"font-weight: 400;\">Sta\u0148te sa s\u00fa\u010das\u0165ou pohybov\u00e9ho workshopu a v\u00fdskumu <\/span><i><span style=\"font-weight: 400;\">Zvuky ticha. (3xpohyb)<\/span><\/i><span style=\"font-weight: 400;\"> choreografky a tane\u010dn\u00ed\u010dky Soni K\u00fade\u013eovej. Predmetom workshopu bude sledovanie konfront\u00e1cie zdanlivo fundament\u00e1lneho vz\u0165ahu hudby a pohybu s tichom. Sk\u00famanie prech\u00e1dza procesom pre\u017e\u00edvania plurality v\u00fdznamov a sk\u00fasenost\u00ed ticha a hudby cez pohyb.<\/span><\/p>\n<p><b>Kapacita workshopu:<\/b><span style=\"font-weight: 400;\"> 7 \u013eud\u00ed<\/span><\/p>\n<p><b>Pre zapojenie sa do workshopu nie je potrebn\u00e1 predo\u0161l\u00e1 sk\u00fasenos\u0165 s tancom ani \u0161peci\u00e1lne pohybov\u00e9 zru\u010dnosti. V r\u00e1mci workshopu vznikne work-in-progres performance, ktor\u00e1 bude uveden\u00e1 na JAMA 2020.<\/b><\/p>\n<p><b>So\u0148a K\u00fade\u013eov\u00e1 <\/b><span style=\"font-weight: 400;\">p\u00f4sob\u00ed na sc\u00e9ne s\u00fa\u010dasn\u00e9ho tanca ako choreografka, performerka a lektorka. Jej tvorba vypl\u00fdva z in\u0161pir\u00e1ci\u00ed be\u017en\u00e9ho \u017eivota \u010dloveka a s\u00fastred\u00ed sa na v\u00fdskum a interpret\u00e1ciu vn\u00fatorn\u00fdch my\u0161lienkov\u00fdch pochodov za behu \u017eivotn\u00fdch okolnost\u00ed, pri\u010dom sa sna\u017e\u00ed nazera\u0165 na vedom\u00e9 i nevedom\u00e9. Zaober\u00e1 sa ot\u00e1zkami \u201cpre\u010do?\u201d a \u201cako?\u201d v t\u00e9mach okolo soci\u00e1lno-psychologickej adapt\u00e1cie. Odpovede typu \u201cpre\u010do nie\u201d jej pon\u00fakaj\u00fa otvoren\u00fa mo\u017enos\u0165 (z\u00e1merne nevysvetlenej) absurdnej interpret\u00e1cie. Pri tvorbe sa s\u00fastred\u00ed na f\u00fazie umen\u00ed a tak jej s\u00f3lo tanec v\u017edy dop\u013a\u0148a siln\u00e1 zvukov\u00e1 a vizu\u00e1lna autorsk\u00e1 zlo\u017eka. Je autorkou dvoch s\u00f3lov\u00fdch tane\u010dn\u00fdch inscen\u00e1ci\u00ed \u2013 Autopilot (2017) a Autocorrect (2019) \u2013 v spolupr\u00e1ci s virtu\u00e1lnou platformou Batyskaf. Je spoluzakladate\u013ekou vzdel\u00e1vacieho projektu TELOHRA a \u010dlenkou Platformy pre s\u00fa\u010dasn\u00fd tanec.<\/span><\/p>\n<p><i><span style=\"font-weight: 400;\">Projekt z verejn\u00fdch zdrojov podporil Fond na podporu umenia.\u00a0<\/span><\/i><i><span style=\"font-weight: 400;\">Partnerom projektu je Bratislavsk\u00fd samospr\u00e1vny kraj.\u00a0<\/span><\/i><\/p>\n<p>&nbsp;<\/p>\n<p>&nbsp;<\/p>\n<h3 style=\"text-align: left;\"><b>Workshop so Sv\u00e4toplukom Mikytom: Fungi Cyani<\/b><\/h3>\n<p><img loading=\"lazy\" decoding=\"async\" class=\"alignnone wp-image-637 size-large\" src=\"http:\/\/www.jama.ooo\/wp-content\/uploads\/2020\/08\/JAMA_2019_portraits_Team_507x290px4-1024x586.png\" alt=\"\" width=\"640\" height=\"366\" srcset=\"https:\/\/www.jama.ooo\/wp-content\/uploads\/2020\/08\/JAMA_2019_portraits_Team_507x290px4-1024x586.png 1024w, https:\/\/www.jama.ooo\/wp-content\/uploads\/2020\/08\/JAMA_2019_portraits_Team_507x290px4-300x172.png 300w, https:\/\/www.jama.ooo\/wp-content\/uploads\/2020\/08\/JAMA_2019_portraits_Team_507x290px4-768x439.png 768w, https:\/\/www.jama.ooo\/wp-content\/uploads\/2020\/08\/JAMA_2019_portraits_Team_507x290px4.png 1056w\" sizes=\"auto, (max-width: 640px) 100vw, 640px\" \/><\/p>\n<p><span style=\"font-weight: 400;\">K pohybu M.A. v krajine patr\u00ed neodmyslite\u013ene zbieranie h\u00fab. Meditat\u00edvne ticho\u00a0 pri prech\u00e1dzkach lesom je preru\u0161ovan\u00e9 radostn\u00fdm pokrikom \u00faspe\u0161n\u00fdch hub\u00e1rov N\u00e1hodn\u00fd pohyb a n\u00e1hodn\u00fd n\u00e1lez n\u00e1hodn\u00e9ho mno\u017estva a druhov h\u00fab je v\u00fdchodiskom pre vizu\u00e1lnu kompoz\u00edciu na papieri. V technike kyanotypia vznikne autorsk\u00e1 s\u00e9ria ornament\u00e1lno-realistick\u00fdch negat\u00edvov, ktor\u00e9 bud\u00fa ma\u0165 ve\u010dern\u00fa premi\u00e9ru na JAMA 2020. Workshop vedie Sv\u00e4topluk Mikyta.<\/span><\/p>\n<p><b>Kapacita workshopu:<\/b><span style=\"font-weight: 400;\"> 13 \u013eud\u00ed<\/span><\/p>\n<p><b>Pre zapojenie sa do workshopu nie s\u00fa potrebn\u00e9 \u0161peci\u00e1lne v\u00fdtvarn\u00edcke zru\u010dnosti, ani predo\u0161l\u00e1 sk\u00fasenos\u0165 s technikou kyanotypie.<\/b><\/p>\n<p><b>Sv\u00e4topluk Mikyta<\/b><span style=\"font-weight: 400;\"> je absolventom Vysokej \u0161koly v\u00fdtvarn\u00fdch umen\u00ed v Bratislave, Staatliche Akademie der Bildenden K\u00fcnste v Stuttgarte a dr\u017eite\u013eom DAAD \u0161tipendia na Universit\u00e4t der K\u00fcnste Berlin. V roku 2008 z\u00edskal Cenu Osk\u00e1ra \u010cepana ude\u013eovan\u00fa mlad\u00e9mu slovensk\u00e9mu umelcovi. Absolvoval reziden\u010dn\u00fd pobyt v ISCP New York a z\u00edskal stredoeur\u00f3psku cenu Strabag Art Award. Od roku 2011 vedie Ateli\u00e9r kresby a grafiky na Fakulte v\u00fdtvarn\u00fdch um\u011bn\u00ed VUT v Brne. Popri vlastnej umeleckej tvorbe, pedagogickej \u010dinnosti je akt\u00edvny ako kur\u00e1tor a dramaturg aktiv\u00edt reziden\u010dnej platformy Bansk\u00e1 St a nica, ktor\u00fa spoluzalo\u017eil. \u017dije a tvor\u00ed na Strednom Slovensku.<\/span><\/p>\n<h3><b>Oba workshopy sa bud\u00fa kona\u0165 v piatok 23. okt\u00f3bra od r\u00e1na do popoludnia a vy\u00fastia do ve\u010dern\u00e9ho programu 1. d\u0148a JAMA 2020.<\/b><\/h3>\n<p>&nbsp;<\/p>\n","protected":false},"excerpt":{"rendered":"<p>JAMA 2020: Call for students &nbsp; \u00a0JAMA \u2013 74. ro\u010dn\u00edk Milana Adam\u010diaka aj tento rok umo\u017e\u0148uje \u0161tudentom so z\u00e1ujmom o intermedi\u00e1lne umenie z\u00fa\u010dastni\u0165 sa podujatia bezplatne v r\u00e1mci \u0161peci\u00e1lneho \u0161tudentsk\u00e9ho \u0161tipendia. Na prvom ro\u010dn\u00edku JAMA na jese\u0148 2019 sa cez \u0161tipendijn\u00fd program podujatia z\u00fa\u010dastnilo 20 stredo- a vysoko\u0161kol\u00e1kov z cel\u00e9ho Slovenska. Tentokr\u00e1t \u0161tudentsk\u00fd program roz\u0161irujeme [&#8230;]<\/p>\n<p><a class=\"btn btn-secondary understrap-read-more-link\" href=\"https:\/\/www.jama.ooo\/en\/call-for-students-2020\/\">Read More&#8230;<span class=\"screen-reader-text\"> from Call for students 2020<\/span><\/a><\/p>\n","protected":false},"author":1,"featured_media":0,"parent":0,"menu_order":0,"comment_status":"closed","ping_status":"closed","template":"page-templates\/page-textova.php","meta":{"footnotes":""},"class_list":["post-626","page","type-page","status-publish","hentry"],"_links":{"self":[{"href":"https:\/\/www.jama.ooo\/en\/wp-json\/wp\/v2\/pages\/626","targetHints":{"allow":["GET"]}}],"collection":[{"href":"https:\/\/www.jama.ooo\/en\/wp-json\/wp\/v2\/pages"}],"about":[{"href":"https:\/\/www.jama.ooo\/en\/wp-json\/wp\/v2\/types\/page"}],"author":[{"embeddable":true,"href":"https:\/\/www.jama.ooo\/en\/wp-json\/wp\/v2\/users\/1"}],"replies":[{"embeddable":true,"href":"https:\/\/www.jama.ooo\/en\/wp-json\/wp\/v2\/comments?post=626"}],"version-history":[{"count":16,"href":"https:\/\/www.jama.ooo\/en\/wp-json\/wp\/v2\/pages\/626\/revisions"}],"predecessor-version":[{"id":654,"href":"https:\/\/www.jama.ooo\/en\/wp-json\/wp\/v2\/pages\/626\/revisions\/654"}],"wp:attachment":[{"href":"https:\/\/www.jama.ooo\/en\/wp-json\/wp\/v2\/media?parent=626"}],"curies":[{"name":"wp","href":"https:\/\/api.w.org\/{rel}","templated":true}]}}